{"id":825,"date":"2020-03-13T16:18:02","date_gmt":"2020-03-13T15:18:02","guid":{"rendered":"http:\/\/vigneron-independant-provence13.fr\/?page_id=825"},"modified":"2020-05-11T10:50:22","modified_gmt":"2020-05-11T08:50:22","slug":"mentions-legales","status":"publish","type":"page","link":"https:\/\/vigneron-independant-provence13.fr\/index.php\/mentions-legales\/","title":{"rendered":"Mentions L\u00e9gales"},"content":{"rendered":"\n<p class=\"has-text-align-center\">***********************************************<br>\nLA VENTE D\u2019ALCOOL EST INTERDITE AUX MINEURS<\/p>\n\n\n\n<p class=\"has-text-align-center\">***********************************************<br>\nL\u2019abus d\u2019alcool est dangereux pour la sant\u00e9, consommez avec mod\u00e9ration.<\/p>\n\n\n\n<p class=\"has-text-align-center\">***********************************************<\/p>\n\n\n\n<h4 class=\"wp-block-heading\"><strong>1. Pr\u00e9sentation du site :<\/strong><\/h4>\n\n\n\n<p>Conform\u00e9ment aux  dispositions des articles 6-III et 19 de la Loi n\u00b0 2004-575 du 21 juin  2004 pour la Confiance dans l\u2019\u00e9conomie num\u00e9rique, dite L.C.E.N., nous  portons \u00e0 la connaissance des utilisateurs et visiteurs du site  www.vigneron-independant-provence13.fr&nbsp;les informations suivantes :<\/p>\n\n\n\n<p><strong>Propri\u00e9taire<\/strong> : F\u00e9d\u00e9ration des Vignerons Ind\u00e9pendants Provence 13 \u2013  Maison des Agriculteurs 22 Avenue Henri Pontier<br> 13260 Aix-en-Provence<em>.<\/em>  <\/p>\n\n\n\n<p><strong>Responsables du D\u00e9veloppement et du Webdesign<\/strong> : <a href=\"http:\/\/bleu-tomate.com\/\" target=\"_blank\" rel=\"noreferrer noopener\" aria-label=\"Agence Bleu Tomate (s\u2019ouvre dans un nouvel onglet)\">Agence Bleu Tomate<\/a><\/p>\n\n\n\n<p><strong>H\u00e9bergeur<\/strong> : OVH \u2013 2 rue Kellermann \u2013 BP 80157 59053 ROUBAIX CEDEX 1 &#8211; 05 22 26 00 86<\/p>\n\n\n\n<p><strong>Photos<\/strong> Route des Vins de Provence &#8211; www.routedesvinsdeprovence.com &#8211; <strong>Cr\u00e9dit Photos<\/strong> : Herv\u00e9 Fabre &#8211; Jos\u00e9 Nicolas &#8211; Camille Moirenc &#8211; Laura Jonneskindt &#8211; Christophe Duranti &#8211;  Yann Bouvier &#8211; Serge Chapuis &#8211; Renaud Alouche &#8211; Denis Favarel &#8211; Anne Forgeat<\/p>\n\n\n\n<p>Circuits Oenotouristiques : My Provence -Office du Tourisme des Bouches-du-Rh\u00f4ne &#8211; www.myprovence.fr<\/p>\n\n\n\n<h4 class=\"wp-block-heading\"><strong>2. Conditions g\u00e9n\u00e9rales d\u2019utilisation du site et des services propos\u00e9s :<\/strong><\/h4>\n\n\n\n<p>L\u2019utilisation\n du site implique l\u2019acceptation pleine et enti\u00e8re des conditions \ng\u00e9n\u00e9rales d\u2019utilisation&nbsp; d\u00e9crites ci-apr\u00e9s. Ces conditions d\u2019utilisation\n sont susceptibles d\u2019\u00eatre modifi\u00e9es ou compl\u00e9t\u00e9es \u00e0 tout moment, sans \npr\u00e9avis, aussi les utilisateurs du site sont&nbsp; invit\u00e9s \u00e0 les consulter de\n mani\u00e8re r\u00e9guli\u00e8re.<br>\nLe site&nbsp;est par principe accessible aux utilisateurs 24\/24h, 7\/7j, sauf \ninterruption, programm\u00e9e ou non, pour les besoins de sa maintenance ou \ncas de force majeure. En cas d\u2019impossibilit\u00e9 d\u2019acc\u00e8s au service, le \nsite&nbsp;s\u2019engage \u00e0 faire son maximum afin de r\u00e9tablir l\u2019acc\u00e8s au service et\n s\u2019efforcera alors de communiquer pr\u00e9alablement aux utilisateurs les \ndates et heures de l\u2019intervention.&nbsp; N\u2019\u00e9tant soumis qu\u2019\u00e0 une obligation \nde moyen, le site&nbsp;ne saurait \u00eatre tenu pour responsable de tout dommage,\n quelle qu\u2019en soit la nature, r\u00e9sultant d\u2019une indisponibilit\u00e9 du \nservice.<\/p>\n\n\n\n<p>Le site&nbsp;est mis \u00e0 jour r\u00e9guli\u00e8rement par le propri\u00e9taire \ndu site. De la m\u00eame fa\u00e7on, les mentions l\u00e9gales peuvent \u00eatre modifi\u00e9es \u00e0\n tout moment, sans pr\u00e9avis et&nbsp; s\u2019imposent \u00e0 l\u2019utilisateur sans r\u00e9serve. \nL\u2019utilisateur est r\u00e9put\u00e9 les accepter sans r\u00e9serve et s\u2019y r\u00e9f\u00e9rer \nr\u00e9guli\u00e8rement pour prendre connaissance des modifications.<\/p>\n\n\n\n<h4 class=\"wp-block-heading\"><strong>3. Description des services fournis :<\/strong><\/h4>\n\n\n\n<p>Le site&nbsp;a pour objet de fournir une information concernant l\u2019ensemble des activit\u00e9s de la F\u00e9d\u00e9ration des Vignerons Ind\u00e9pendants Provence 13 et de ses adh\u00e9rents.<\/p>\n\n\n\n<p>Le\n propri\u00e9taire du site s\u2019efforce de fournir sur le site&nbsp;des informations \naussi pr\u00e9cises que possible. Toutefois, il ne pourra \u00eatre tenue \nresponsable des omissions, des inexactitudes et des carences dans la \nmise \u00e0 jour, qu\u2019elles soient de son fait ou du fait des tiers \npartenaires qui lui fournissent ces informations.<\/p>\n\n\n\n<p>Tous les \ninformations propos\u00e9es sur le site&nbsp;sont donn\u00e9es \u00e0 titre indicatif, sont \nnon exhaustives, et sont susceptibles d\u2019\u00e9voluer. Elles sont donn\u00e9es sous\n r\u00e9serve de modifications ayant \u00e9t\u00e9 apport\u00e9es depuis leur mise en ligne.<\/p>\n\n\n\n<h4 class=\"wp-block-heading\"><strong>4. Limites de responsabilit\u00e9 :<\/strong><\/h4>\n\n\n\n<p>Le site utilise la technologie java script.<\/p>\n\n\n\n<p>Le\n site ne saurait \u00eatre tenu responsable des erreurs typographiques ou \ninexactitudes apparaissant sur le service, ou de quelque dommage subi \nr\u00e9sultant de son utilisation. L\u2019utilisateur reste responsable de son \n\u00e9quipement et de son utilisation, de m\u00eame il supporte seul les co\u00fbts \ndirects ou indirects suite \u00e0 sa connexion \u00e0 Internet.<\/p>\n\n\n\n<p>L\u2019utilisateur\n du site&nbsp;s\u2019engage \u00e0 acc\u00e9der \u00e0 celui-ci en utilisant un mat\u00e9riel r\u00e9cent, \nne contenant pas de virus et avec un navigateur de derni\u00e8re g\u00e9n\u00e9ration \nmise \u00e0 jour.<\/p>\n\n\n\n<p>L\u2019utilisateur d\u00e9gage la responsabilit\u00e9 du site pour \ntout pr\u00e9judice qu\u2019il pourrait subir ou faire subir, directement ou \nindirectement, du fait des services propos\u00e9s. Seule la responsabilit\u00e9 de\n l\u2019utilisateur est engag\u00e9e par l\u2019utilisation du service propos\u00e9 et \ncelui-ci d\u00e9gage express\u00e9ment le site de toute responsabilit\u00e9 vis \u00e0 vis \nde tiers.<\/p>\n\n\n\n<p>Des espaces interactifs (possibilit\u00e9 de poser des \nquestions dans l\u2019espace contact) sont \u00e0 la disposition des utilisateurs.\n Le site se r\u00e9serve le droit de supprimer, sans mise en demeure \npr\u00e9alable, tout contenu d\u00e9pos\u00e9 dans cet espace qui contreviendrait \u00e0 la \nl\u00e9gislation applicable en France, en particulier aux dispositions \nrelatives \u00e0 la protection des donn\u00e9es. Le cas \u00e9ch\u00e9ant, le propri\u00e9taire \ndu site se r\u00e9serve \u00e9galement la possibilit\u00e9 de mettre en cause la \nresponsabilit\u00e9 civile et\/ou p\u00e9nale de l\u2019utilisateur, notamment en cas de\n message \u00e0 caract\u00e8re raciste, injurieux, diffamant, ou pornographique, \nquel que soit le support utilis\u00e9 (texte, photographie\u2026).<\/p>\n\n\n\n<p>Il est \nici rappel\u00e9 que les d\u00e9veloppeurs du site&nbsp;gardent trace de l\u2019adresse \nmail, et de l\u2019adresse IP de l\u2019utilisateur. En cons\u00e9quence, il doit \u00eatre \nconscient qu\u2019en cas d\u2019injonction de l\u2019autorit\u00e9 judiciaire il peut \u00eatre \nretrouv\u00e9 et poursuivi.<\/p>\n\n\n\n<h4 class=\"wp-block-heading\"><strong>5. Propri\u00e9t\u00e9 intellectuelle et contrefa\u00e7ons :<\/strong><\/h4>\n\n\n\n<p>Le\n propri\u00e9taire du site est propri\u00e9taire des droits de propri\u00e9t\u00e9 \nintellectuelle ou d\u00e9tient les droits d\u2019usage sur tous les \u00e9l\u00e9ments \naccessibles sur le site, notamment les textes, images, graphismes, logo,\n ic\u00f4nes, sons, logiciels\u2026<\/p>\n\n\n\n<p>Toute reproduction, repr\u00e9sentation,  modification, publication, adaptation totale ou partielle des \u00e9l\u00e9ments  du site, quel que soit le moyen ou le proc\u00e9d\u00e9 utilis\u00e9, est interdite,  sauf autorisation \u00e9crite pr\u00e9alable \u00e0 l\u2019email : &nbsp;federationbdr@orange.fr.<\/p>\n\n\n\n<p>Toute \nexploitation non autoris\u00e9e du site ou de l\u2019un quelconque de ces \u00e9l\u00e9ments\n qu\u2019il contient sera consid\u00e9r\u00e9e comme constitutive d\u2019une contrefa\u00e7on et \npoursuivie conform\u00e9ment aux dispositions des articles L.335-2 et \nsuivants du Code de Propri\u00e9t\u00e9 Intellectuelle.<\/p>\n\n\n\n<h4 class=\"wp-block-heading\"><strong>6. Liens hypertextes et cookies :<\/strong><\/h4>\n\n\n\n<p>Le\n site contient un certain nombre de liens hypertextes vers d\u2019autres \nsites (partenaires, informations \u2026) mis en place avec l\u2019autorisation du \npropri\u00e9taire du site . Cependant, le propri\u00e9taire du site n\u2019a pas la \npossibilit\u00e9 de v\u00e9rifier le contenu des sites ainsi visit\u00e9s&nbsp; et d\u00e9cline \ndonc toute responsabilit\u00e9 de ce fait quand aux risques \u00e9ventuels de \ncontenus illicites.<\/p>\n\n\n\n<p>L\u2019utilisateur est inform\u00e9 que lors de ses \nvisites sur le site, un ou des cookies sont susceptible de s\u2019installer \nautomatiquement sur son ordinateur. Un cookie est un fichier de petite \ntaille, qui ne permet pas l\u2019identification de l\u2019utilisateur, mais qui \nenregistre des informations relatives \u00e0 la navigation d\u2019un ordinateur \nsur un site. Les donn\u00e9es ainsi obtenues visent \u00e0 faciliter la navigation\n ult\u00e9rieure sur le site, et ont \u00e9galement vocation \u00e0 permettre diverses \nmesures de fr\u00e9quentation.<\/p>\n\n\n\n<p>Le param\u00e9trage du logiciel de navigation\n permet d\u2019informer de la pr\u00e9sence de cookie et \u00e9ventuellement, de \nrefuser de la mani\u00e8re d\u00e9crite \u00e0 l\u2019adresse suivante : www.cnil.fr<\/p>\n\n\n\n<p>Le\n refus d\u2019installation d\u2019un cookie peut entra\u00eener l\u2019impossibilit\u00e9 \nd\u2019acc\u00e9der \u00e0 certains services. L\u2019utilisateur peut toutefois configurer \nson ordinateur de la mani\u00e8re suivante, pour refuser l\u2019installation des \ncookies :<\/p>\n\n\n\n<p>Sous Internet Explorer : onglet outil \/ options  internet. Cliquez sur Confidentialit\u00e9 et choisissez Bloquer tous les  cookies. Validez sur Ok.<\/p>\n\n\n\n<p>Le refus d\u2019installation d\u2019un cookie peut entra\u00eener l\u2019impossibilit\u00e9 \nd\u2019acc\u00e9der \u00e0 certains services. L\u2019utilisateur peut toutefois configurer \nson ordinateur de la mani\u00e8re suivante, pour refuser l\u2019installation des \ncookies :<\/p>\n\n\n\n<p>Sous Internet Explorer : onglet outil (pictogramme en forme de rouage\n en haut a droite) \/ options internet. Cliquez sur Confidentialit\u00e9 et \nchoisissez Bloquer tous les cookies. Validez sur Ok.<\/p>\n\n\n\n<p>Sous Firefox : en haut de la fen\u00eatre du navigateur, cliquez sur le \nbouton Firefox, puis aller dans l\u2019onglet Options. Cliquer sur l\u2019onglet \nVie priv\u00e9e.<br>\nParam\u00e9trez les R\u00e8gles de conservation sur : utiliser les param\u00e8tres \npersonnalis\u00e9s pour l\u2019historique. Enfin d\u00e9cochez-la pour d\u00e9sactiver les \ncookies.<\/p>\n\n\n\n<p>Sous Safari : Cliquez en haut \u00e0 droite du navigateur sur le \npictogramme de menu (symbolis\u00e9 par un rouage). S\u00e9lectionnez Param\u00e8tres. \nCliquez sur Afficher les param\u00e8tres avanc\u00e9s. Dans la section \n\u201cConfidentialit\u00e9\u201d, cliquez sur Param\u00e8tres de contenu. Dans la section \n\u201cCookies\u201d, vous pouvez bloquer les cookies.<\/p>\n\n\n\n<p>Sous Chrome : Cliquez en haut \u00e0 droite du navigateur sur le \npictogramme de menu (symbolis\u00e9 par trois lignes horizontales). \nS\u00e9lectionnez Param\u00e8tres. Cliquez sur Afficher les param\u00e8tres avanc\u00e9s. \nDans la section \u201cConfidentialit\u00e9\u201d, cliquez sur pr\u00e9f\u00e9rences. Dans \nl\u2019onglet \u201cConfidentialit\u00e9\u201d, vous pouvez bloquer les cookies.<\/p>\n\n\n\n<h4 class=\"wp-block-heading\"><strong>7. Droit applicable et attribution de juridiction :<\/strong><\/h4>\n\n\n\n<p>Tout\n litige en relation avec l\u2019utilisation du site est soumis au droit \nfran\u00e7ais. L\u2019utilisateur ainsi que le site&nbsp;acceptent de se soumettre \u00e0 la\n comp\u00e9tence exclusive des tribunaux Fran\u00e7ais en cas de litige.<\/p>\n\n\n\n<h4 class=\"wp-block-heading\"><strong>8. Protection des biens et des personnes \u2013 gestion des donn\u00e9es personnelles :<\/strong><\/h4>\n\n\n\n<p>Utilisateur : Internaute se connectant, utilisant le site susnomm\u00e9 : www.vigneron-independant-provence13.fr<\/p>\n\n\n\n<p>En\n France, les donn\u00e9es personnelles sont notamment prot\u00e9g\u00e9es par la loi n\u00b0\n 78-87 du 6 janvier 1978, la loi n\u00b0 2004-801 du 6 ao\u00fbt 2004, l\u2019article \nL. 226-13 du Code p\u00e9nal et la Directive Europ\u00e9enne du 24 octobre 1995.<\/p>\n\n\n\n<p>Sur\n le site, le propri\u00e9taire du site ne collecte des informations \npersonnelles relatives \u00e0 l\u2019utilisateur que pour le besoin de certains \nservices propos\u00e9s par le site. L\u2019utilisateur fournit ces informations en\n toute connaissance de cause, notamment lorsqu\u2019il proc\u00e8de par lui-m\u00eame \u00e0\n leur saisie. Il est alors pr\u00e9cis\u00e9 \u00e0 l\u2019utilisateur du site&nbsp;l\u2019obligation \nou non de fournir ces informations.<\/p>\n\n\n\n<p>Conform\u00e9ment aux dispositions  des articles 38 et suivants de la loi 78-17 du 6 janvier 1978 relative \u00e0  l\u2019informatique, aux fichiers et aux libert\u00e9s, tout utilisateur dispose  d\u2019un droit d\u2019acc\u00e8s, de rectification, de suppression et d\u2019opposition aux  donn\u00e9es personnelles le concernant. Pour l\u2019exercer, adressez votre  demande par email : federationbdr@orange.fr ou&nbsp; en effectuant sa demande  \u00e9crite et sign\u00e9e, accompagn\u00e9e d\u2019une copie du titre d\u2019identit\u00e9 avec  signature du titulaire de la pi\u00e8ce, en pr\u00e9cisant l\u2019adresse \u00e0 laquelle la  r\u00e9ponse doit \u00eatre envoy\u00e9e.<\/p>\n\n\n\n<p>Aucune information personnelle de \nl\u2019utilisateur du site&nbsp;n\u2019est publi\u00e9e \u00e0 l\u2019insu de l\u2019utilisateur, \u00e9chang\u00e9e,\n transf\u00e9r\u00e9e, c\u00e9d\u00e9e ou vendue sur un support quelconque \u00e0 des tiers. \nSeule l\u2019hypoth\u00e8se du rachat du site&nbsp;et de ses droits permettrait la \ntransmission des dites informations \u00e0 l\u2019\u00e9ventuel acqu\u00e9reur qui serait \u00e0 \nson tour tenu de la m\u00eame obligation de conservation et de modification \ndes donn\u00e9es vis \u00e0 vis de l\u2019utilisateur du site.<\/p>\n\n\n\n<p>Le site n\u2019est pas d\u00e9clar\u00e9 \u00e0 la CNIL car il ne recueille pas de donn\u00e9es personnelles.<\/p>\n\n\n\n<p>Les\n bases de donn\u00e9es sont prot\u00e9g\u00e9es par les dispositions de la loi du 1er \njuillet 1998 transposant la directive 96\/9 du 11 mars 1996 relative \u00e0 la\n protection juridique des bases de donn\u00e9es.<\/p>\n","protected":false},"excerpt":{"rendered":"<p>*********************************************** LA VENTE D\u2019ALCOOL EST INTERDITE AUX MINEURS *********************************************** L\u2019abus d\u2019alcool est dangereux pour la sant\u00e9, consommez avec mod\u00e9ration. *********************************************** 1. Pr\u00e9sentation du site : Conform\u00e9ment aux dispositions des articles 6-III et 19 de la Loi n\u00b0 2004-575 du 21 juin 2004 pour la Confiance dans l\u2019\u00e9conomie num\u00e9rique, dite L.C.E.N., nous portons \u00e0 la connaissance des utilisateurs et visiteurs du site www.vigneron-independant-provence13.fr&nbsp;les informations suivantes : Propri\u00e9taire : F\u00e9d\u00e9ration des Vignerons Ind\u00e9pendants Provence 13 \u2013 Maison des Agriculteurs 22 Avenue Henri Pontier 13260 Aix-en-Provence. Responsables du D\u00e9veloppement et du Webdesign : Agence Bleu Tomate H\u00e9bergeur : OVH \u2013 2 rue Kellermann \u2013 BP 80157 59053 ROUBAIX CEDEX 1 &#8211; 05 22 26 00 86 Photos Route des Vins de Provence &#8211; www.routedesvinsdeprovence.com &#8211; Cr\u00e9dit Photos : Herv\u00e9 Fabre &#8211; Jos\u00e9 Nicolas &#8211; Camille Moirenc &#8211; Laura Jonneskindt &#8211; Christophe Duranti &#8211; Yann Bouvier &#8211; Serge Chapuis &#8211; Renaud Alouche &#8211; Denis Favarel &#8211; Anne Forgeat Circuits Oenotouristiques : My Provence -Office du Tourisme des Bouches-du-Rh\u00f4ne &#8211; www.myprovence.fr 2. Conditions g\u00e9n\u00e9rales d\u2019utilisation du site et des services propos\u00e9s : L\u2019utilisation du site implique l\u2019acceptation pleine et enti\u00e8re des conditions g\u00e9n\u00e9rales d\u2019utilisation&nbsp; d\u00e9crites ci-apr\u00e9s. Ces conditions d\u2019utilisation sont susceptibles d\u2019\u00eatre modifi\u00e9es ou compl\u00e9t\u00e9es [&hellip;]<\/p>\n","protected":false},"author":1,"featured_media":0,"parent":0,"menu_order":0,"comment_status":"closed","ping_status":"closed","template":"","meta":{"footnotes":""},"_links":{"self":[{"href":"https:\/\/vigneron-independant-provence13.fr\/index.php\/wp-json\/wp\/v2\/pages\/825"}],"collection":[{"href":"https:\/\/vigneron-independant-provence13.fr\/index.php\/wp-json\/wp\/v2\/pages"}],"about":[{"href":"https:\/\/vigneron-independant-provence13.fr\/index.php\/wp-json\/wp\/v2\/types\/page"}],"author":[{"embeddable":true,"href":"https:\/\/vigneron-independant-provence13.fr\/index.php\/wp-json\/wp\/v2\/users\/1"}],"replies":[{"embeddable":true,"href":"https:\/\/vigneron-independant-provence13.fr\/index.php\/wp-json\/wp\/v2\/comments?post=825"}],"version-history":[{"count":3,"href":"https:\/\/vigneron-independant-provence13.fr\/index.php\/wp-json\/wp\/v2\/pages\/825\/revisions"}],"predecessor-version":[{"id":1239,"href":"https:\/\/vigneron-independant-provence13.fr\/index.php\/wp-json\/wp\/v2\/pages\/825\/revisions\/1239"}],"wp:attachment":[{"href":"https:\/\/vigneron-independant-provence13.fr\/index.php\/wp-json\/wp\/v2\/media?parent=825"}],"curies":[{"name":"wp","href":"https:\/\/api.w.org\/{rel}","templated":true}]}}